{"id":716,"date":"2024-01-30T23:58:59","date_gmt":"2024-01-30T23:58:59","guid":{"rendered":"https:\/\/andresmanjon.es\/?page_id=716"},"modified":"2024-11-24T00:40:36","modified_gmt":"2024-11-23T23:40:36","slug":"beatificacion","status":"publish","type":"page","link":"https:\/\/andresmanjon.es\/index.php\/beatificacion\/","title":{"rendered":"BEATIFICACION"},"content":{"rendered":"<p><img data-recalc-dims=\"1\" fetchpriority=\"high\" decoding=\"async\" class=\"alignleft wp-image-2015 size-medium\" title=\"beatificacion\" src=\"https:\/\/i0.wp.com\/andresmanjon.es\/wp-content\/uploads\/2024\/11\/beatificacion-san-andres.png?resize=300%2C300&#038;ssl=1\" alt=\"beatificacion\" width=\"300\" height=\"300\" srcset=\"https:\/\/i0.wp.com\/andresmanjon.es\/wp-content\/uploads\/2024\/11\/beatificacion-san-andres.png?resize=300%2C300&amp;ssl=1 300w, https:\/\/i0.wp.com\/andresmanjon.es\/wp-content\/uploads\/2024\/11\/beatificacion-san-andres.png?resize=1024%2C1024&amp;ssl=1 1024w, https:\/\/i0.wp.com\/andresmanjon.es\/wp-content\/uploads\/2024\/11\/beatificacion-san-andres.png?resize=150%2C150&amp;ssl=1 150w, https:\/\/i0.wp.com\/andresmanjon.es\/wp-content\/uploads\/2024\/11\/beatificacion-san-andres.png?resize=768%2C768&amp;ssl=1 768w, https:\/\/i0.wp.com\/andresmanjon.es\/wp-content\/uploads\/2024\/11\/beatificacion-san-andres.png?w=1080&amp;ssl=1 1080w\" sizes=\"(max-width: 300px) 100vw, 300px\" \/><\/p>\n<p>Dios, Padre nuestro,<br \/>\nque suscitaste al Venerable Andr\u00e9s Manj\u00f3n,<br \/>\nsacerdote, para que dedicara su vida<br \/>\na la extensi\u00f3n del Reino de los Cielos<br \/>\ny se entregar\u00e1 generosamente a la<br \/>\neducaci\u00f3n cristiana de los pobres,<br \/>\nespecialmente de los ni\u00f1os y j\u00f3venes necesitados.<\/p>\n<p>Te pedimos que asistas con los dones de tu Esp\u00edritu Santo<br \/>\na todos los que anuncian el Evangelio como educadores<br \/>\ncristianos en el legado y nos concedas por tu intercesi\u00f3n<br \/>\nla gracia que ahora te presentamos.<\/p>\n<p>(Pedir la gracia o favor deseado)<\/p>\n<p>Por Jesucristo Nuestro Se\u00f1or. Am\u00e9n<\/p>\n<h2 class=\"p2\">SE RUEGA COMUNIQUEN LOS FAVORES RECIBIDOS A<\/h2>\n<ul>\n<li class=\"p3\">Patronato Ave Mar\u00eda<\/li>\n<li class=\"p4\">Causa de Canonizaci\u00f3n Venerable P. Andr\u00e9s Manj\u00f3n<\/li>\n<li class=\"p4\">Ave Mar\u00eda San Cristobal<\/li>\n<li class=\"p4\">Ctra. de Murcia, 51 &#8211; 18010 Granada<\/li>\n<li class=\"p5\">958 274 295 \/ canonizacion@amgr.es<\/li>\n<\/ul>\n","protected":false},"excerpt":{"rendered":"<p>Dios, Padre nuestro, que suscitaste al Venerable Andr\u00e9s Manj\u00f3n, sacerdote, para que dedicara su vida a la extensi\u00f3n del Reino de los Cielos y se entregar\u00e1 generosamente a la educaci\u00f3n cristiana de los pobres, especialmente de los ni\u00f1os y j\u00f3venes necesitados. Te pedimos que asistas con los dones de tu Esp\u00edritu Santo a todos los [&hellip;]<\/p>\n","protected":false},"author":2,"featured_media":2015,"parent":0,"menu_order":0,"comment_status":"closed","ping_status":"closed","template":"","meta":{"jetpack_post_was_ever_published":false,"footnotes":""},"class_list":["post-716","page","type-page","status-publish","has-post-thumbnail","hentry"],"yoast_head":"<!-- This site is optimized with the Yoast SEO plugin v27.5 - https:\/\/yoast.com\/product\/yoast-seo-wordpress\/ -->\n<title>BEATIFICACION - MANJON VIVE<\/title>\n<meta name=\"description\" content=\"Beatificaci\u00f3n de D. Andr\u00e9s Manj\u00f3n, proceso actual en esta dode Venerable. Orad y pedid favores para que los conceda.\" \/>\n<meta name=\"robots\" content=\"index, follow, max-snippet:-1, max-image-preview:large, max-video-preview:-1\" \/>\n<link rel=\"canonical\" href=\"https:\/\/andresmanjon.es\/index.php\/beatificacion\/\" \/>\n<meta property=\"og:locale\" content=\"es_ES\" \/>\n<meta property=\"og:type\" content=\"article\" \/>\n<meta property=\"og:title\" content=\"BEATIFICACION - MANJON VIVE\" \/>\n<meta property=\"og:description\" content=\"Beatificaci\u00f3n de D. Andr\u00e9s Manj\u00f3n, proceso actual en esta dode Venerable. Orad y pedid favores para que los conceda.\" \/>\n<meta property=\"og:url\" content=\"https:\/\/andresmanjon.es\/index.php\/beatificacion\/\" \/>\n<meta property=\"og:site_name\" content=\"MANJON VIVE\" \/>\n<meta property=\"article:modified_time\" content=\"2024-11-23T23:40:36+00:00\" \/>\n<meta property=\"og:image\" content=\"https:\/\/andresmanjon.es\/wp-content\/uploads\/2024\/11\/beatificacion-san-andres.png\" \/>\n\t<meta property=\"og:image:width\" content=\"1080\" \/>\n\t<meta property=\"og:image:height\" content=\"1080\" \/>\n\t<meta property=\"og:image:type\" content=\"image\/png\" \/>\n<meta name=\"twitter:card\" content=\"summary_large_image\" \/>\n<meta name=\"twitter:label1\" content=\"Tiempo de lectura\" \/>\n\t<meta name=\"twitter:data1\" content=\"1 minuto\" \/>\n<script type=\"application\/ld+json\" class=\"yoast-schema-graph\">{\"@context\":\"https:\\\/\\\/schema.org\",\"@graph\":[{\"@type\":\"WebPage\",\"@id\":\"https:\\\/\\\/andresmanjon.es\\\/index.php\\\/beatificacion\\\/\",\"url\":\"https:\\\/\\\/andresmanjon.es\\\/index.php\\\/beatificacion\\\/\",\"name\":\"BEATIFICACION - MANJON VIVE\",\"isPartOf\":{\"@id\":\"https:\\\/\\\/andresmanjon.es\\\/#website\"},\"primaryImageOfPage\":{\"@id\":\"https:\\\/\\\/andresmanjon.es\\\/index.php\\\/beatificacion\\\/#primaryimage\"},\"image\":{\"@id\":\"https:\\\/\\\/andresmanjon.es\\\/index.php\\\/beatificacion\\\/#primaryimage\"},\"thumbnailUrl\":\"https:\\\/\\\/i0.wp.com\\\/andresmanjon.es\\\/wp-content\\\/uploads\\\/2024\\\/11\\\/beatificacion-san-andres.png?fit=1080%2C1080&ssl=1\",\"datePublished\":\"2024-01-30T23:58:59+00:00\",\"dateModified\":\"2024-11-23T23:40:36+00:00\",\"description\":\"Beatificaci\u00f3n de D. Andr\u00e9s Manj\u00f3n, proceso actual en esta dode Venerable. Orad y pedid favores para que los conceda.\",\"breadcrumb\":{\"@id\":\"https:\\\/\\\/andresmanjon.es\\\/index.php\\\/beatificacion\\\/#breadcrumb\"},\"inLanguage\":\"es\",\"potentialAction\":[{\"@type\":\"ReadAction\",\"target\":[\"https:\\\/\\\/andresmanjon.es\\\/index.php\\\/beatificacion\\\/\"]}]},{\"@type\":\"ImageObject\",\"inLanguage\":\"es\",\"@id\":\"https:\\\/\\\/andresmanjon.es\\\/index.php\\\/beatificacion\\\/#primaryimage\",\"url\":\"https:\\\/\\\/i0.wp.com\\\/andresmanjon.es\\\/wp-content\\\/uploads\\\/2024\\\/11\\\/beatificacion-san-andres.png?fit=1080%2C1080&ssl=1\",\"contentUrl\":\"https:\\\/\\\/i0.wp.com\\\/andresmanjon.es\\\/wp-content\\\/uploads\\\/2024\\\/11\\\/beatificacion-san-andres.png?fit=1080%2C1080&ssl=1\",\"width\":1080,\"height\":1080},{\"@type\":\"BreadcrumbList\",\"@id\":\"https:\\\/\\\/andresmanjon.es\\\/index.php\\\/beatificacion\\\/#breadcrumb\",\"itemListElement\":[{\"@type\":\"ListItem\",\"position\":1,\"name\":\"Portada\",\"item\":\"https:\\\/\\\/andresmanjon.es\\\/\"},{\"@type\":\"ListItem\",\"position\":2,\"name\":\"BEATIFICACION\"}]},{\"@type\":\"WebSite\",\"@id\":\"https:\\\/\\\/andresmanjon.es\\\/#website\",\"url\":\"https:\\\/\\\/andresmanjon.es\\\/\",\"name\":\"Andr\u00e9s Manj\u00f3n y Manj\u00f3n\",\"description\":\"UNA EDUCACI\u00d3N PARA TODOS\",\"publisher\":{\"@id\":\"https:\\\/\\\/andresmanjon.es\\\/#\\\/schema\\\/person\\\/c3aa9658a78defc49109499b1f40dc3a\"},\"potentialAction\":[{\"@type\":\"SearchAction\",\"target\":{\"@type\":\"EntryPoint\",\"urlTemplate\":\"https:\\\/\\\/andresmanjon.es\\\/?s={search_term_string}\"},\"query-input\":{\"@type\":\"PropertyValueSpecification\",\"valueRequired\":true,\"valueName\":\"search_term_string\"}}],\"inLanguage\":\"es\"},{\"@type\":[\"Person\",\"Organization\"],\"@id\":\"https:\\\/\\\/andresmanjon.es\\\/#\\\/schema\\\/person\\\/c3aa9658a78defc49109499b1f40dc3a\",\"name\":\"Enrique Alonso Guardia\",\"image\":{\"@type\":\"ImageObject\",\"inLanguage\":\"es\",\"@id\":\"https:\\\/\\\/i0.wp.com\\\/andresmanjon.es\\\/wp-content\\\/uploads\\\/2023\\\/12\\\/cropped-logo-1.png?fit=1660%2C548&ssl=1\",\"url\":\"https:\\\/\\\/i0.wp.com\\\/andresmanjon.es\\\/wp-content\\\/uploads\\\/2023\\\/12\\\/cropped-logo-1.png?fit=1660%2C548&ssl=1\",\"contentUrl\":\"https:\\\/\\\/i0.wp.com\\\/andresmanjon.es\\\/wp-content\\\/uploads\\\/2023\\\/12\\\/cropped-logo-1.png?fit=1660%2C548&ssl=1\",\"width\":1660,\"height\":548,\"caption\":\"Enrique Alonso Guardia\"},\"logo\":{\"@id\":\"https:\\\/\\\/i0.wp.com\\\/andresmanjon.es\\\/wp-content\\\/uploads\\\/2023\\\/12\\\/cropped-logo-1.png?fit=1660%2C548&ssl=1\"},\"sameAs\":[\"http:\\\/\\\/www.kalonso.com\"]}]}<\/script>\n<!-- \/ Yoast SEO plugin. -->","yoast_head_json":{"title":"BEATIFICACION - MANJON VIVE","description":"Beatificaci\u00f3n de D. Andr\u00e9s Manj\u00f3n, proceso actual en esta dode Venerable. Orad y pedid favores para que los conceda.","robots":{"index":"index","follow":"follow","max-snippet":"max-snippet:-1","max-image-preview":"max-image-preview:large","max-video-preview":"max-video-preview:-1"},"canonical":"https:\/\/andresmanjon.es\/index.php\/beatificacion\/","og_locale":"es_ES","og_type":"article","og_title":"BEATIFICACION - MANJON VIVE","og_description":"Beatificaci\u00f3n de D. Andr\u00e9s Manj\u00f3n, proceso actual en esta dode Venerable. Orad y pedid favores para que los conceda.","og_url":"https:\/\/andresmanjon.es\/index.php\/beatificacion\/","og_site_name":"MANJON VIVE","article_modified_time":"2024-11-23T23:40:36+00:00","og_image":[{"width":1080,"height":1080,"url":"https:\/\/andresmanjon.es\/wp-content\/uploads\/2024\/11\/beatificacion-san-andres.png","type":"image\/png"}],"twitter_card":"summary_large_image","twitter_misc":{"Tiempo de lectura":"1 minuto"},"schema":{"@context":"https:\/\/schema.org","@graph":[{"@type":"WebPage","@id":"https:\/\/andresmanjon.es\/index.php\/beatificacion\/","url":"https:\/\/andresmanjon.es\/index.php\/beatificacion\/","name":"BEATIFICACION - MANJON VIVE","isPartOf":{"@id":"https:\/\/andresmanjon.es\/#website"},"primaryImageOfPage":{"@id":"https:\/\/andresmanjon.es\/index.php\/beatificacion\/#primaryimage"},"image":{"@id":"https:\/\/andresmanjon.es\/index.php\/beatificacion\/#primaryimage"},"thumbnailUrl":"https:\/\/i0.wp.com\/andresmanjon.es\/wp-content\/uploads\/2024\/11\/beatificacion-san-andres.png?fit=1080%2C1080&ssl=1","datePublished":"2024-01-30T23:58:59+00:00","dateModified":"2024-11-23T23:40:36+00:00","description":"Beatificaci\u00f3n de D. Andr\u00e9s Manj\u00f3n, proceso actual en esta dode Venerable. Orad y pedid favores para que los conceda.","breadcrumb":{"@id":"https:\/\/andresmanjon.es\/index.php\/beatificacion\/#breadcrumb"},"inLanguage":"es","potentialAction":[{"@type":"ReadAction","target":["https:\/\/andresmanjon.es\/index.php\/beatificacion\/"]}]},{"@type":"ImageObject","inLanguage":"es","@id":"https:\/\/andresmanjon.es\/index.php\/beatificacion\/#primaryimage","url":"https:\/\/i0.wp.com\/andresmanjon.es\/wp-content\/uploads\/2024\/11\/beatificacion-san-andres.png?fit=1080%2C1080&ssl=1","contentUrl":"https:\/\/i0.wp.com\/andresmanjon.es\/wp-content\/uploads\/2024\/11\/beatificacion-san-andres.png?fit=1080%2C1080&ssl=1","width":1080,"height":1080},{"@type":"BreadcrumbList","@id":"https:\/\/andresmanjon.es\/index.php\/beatificacion\/#breadcrumb","itemListElement":[{"@type":"ListItem","position":1,"name":"Portada","item":"https:\/\/andresmanjon.es\/"},{"@type":"ListItem","position":2,"name":"BEATIFICACION"}]},{"@type":"WebSite","@id":"https:\/\/andresmanjon.es\/#website","url":"https:\/\/andresmanjon.es\/","name":"Andr\u00e9s Manj\u00f3n y Manj\u00f3n","description":"UNA EDUCACI\u00d3N PARA TODOS","publisher":{"@id":"https:\/\/andresmanjon.es\/#\/schema\/person\/c3aa9658a78defc49109499b1f40dc3a"},"potentialAction":[{"@type":"SearchAction","target":{"@type":"EntryPoint","urlTemplate":"https:\/\/andresmanjon.es\/?s={search_term_string}"},"query-input":{"@type":"PropertyValueSpecification","valueRequired":true,"valueName":"search_term_string"}}],"inLanguage":"es"},{"@type":["Person","Organization"],"@id":"https:\/\/andresmanjon.es\/#\/schema\/person\/c3aa9658a78defc49109499b1f40dc3a","name":"Enrique Alonso Guardia","image":{"@type":"ImageObject","inLanguage":"es","@id":"https:\/\/i0.wp.com\/andresmanjon.es\/wp-content\/uploads\/2023\/12\/cropped-logo-1.png?fit=1660%2C548&ssl=1","url":"https:\/\/i0.wp.com\/andresmanjon.es\/wp-content\/uploads\/2023\/12\/cropped-logo-1.png?fit=1660%2C548&ssl=1","contentUrl":"https:\/\/i0.wp.com\/andresmanjon.es\/wp-content\/uploads\/2023\/12\/cropped-logo-1.png?fit=1660%2C548&ssl=1","width":1660,"height":548,"caption":"Enrique Alonso Guardia"},"logo":{"@id":"https:\/\/i0.wp.com\/andresmanjon.es\/wp-content\/uploads\/2023\/12\/cropped-logo-1.png?fit=1660%2C548&ssl=1"},"sameAs":["http:\/\/www.kalonso.com"]}]}},"jetpack-related-posts":[{"id":406,"url":"https:\/\/andresmanjon.es\/index.php\/biblioteca-digital\/","url_meta":{"origin":716,"position":0},"title":"BIBLIOTECA DIGITAL","author":"Enrique Alonso Guardia","date":"01\/02\/2024","format":false,"excerpt":"En este apartado de biblioteca digital iremos subiendo los documentos encontrados en internet que pertenecen a ediciones p\u00fablicas de los escritos de D. Andr\u00e9s Manj\u00f3n. Este apartado est\u00e1 en constante construcci\u00f3n. Si encuentra documentaci\u00f3n publicada rogamos nos la env\u00ede a info@andresmanjon.es.*AVISO: Si cree que estos documentos o enlaces van en\u2026","rel":"","context":"Entrada similar","block_context":{"text":"Entrada similar","link":""},"img":{"alt_text":"","src":"https:\/\/i0.wp.com\/andresmanjon.es\/wp-content\/uploads\/2024\/01\/biblioteca_2.webp?fit=1200%2C838&ssl=1&resize=350%2C200","width":350,"height":200,"srcset":"https:\/\/i0.wp.com\/andresmanjon.es\/wp-content\/uploads\/2024\/01\/biblioteca_2.webp?fit=1200%2C838&ssl=1&resize=350%2C200 1x, https:\/\/i0.wp.com\/andresmanjon.es\/wp-content\/uploads\/2024\/01\/biblioteca_2.webp?fit=1200%2C838&ssl=1&resize=525%2C300 1.5x, https:\/\/i0.wp.com\/andresmanjon.es\/wp-content\/uploads\/2024\/01\/biblioteca_2.webp?fit=1200%2C838&ssl=1&resize=700%2C400 2x, https:\/\/i0.wp.com\/andresmanjon.es\/wp-content\/uploads\/2024\/01\/biblioteca_2.webp?fit=1200%2C838&ssl=1&resize=1050%2C600 3x"},"classes":[]},{"id":101,"url":"https:\/\/andresmanjon.es\/index.php\/centenario-de-la-muerte-de-don-andres-manjon\/","url_meta":{"origin":716,"position":1},"title":"CENTENARIO DE LA MUERTE DE DON ANDR\u00c9S MANJ\u00d3N","author":"Enrique Alonso Guardia","date":"12\/25\/2023","format":false,"excerpt":"CENTENARIO DE DON ANDRES MANJ\u00d3N (1923-2023) PROGRAMA DE ACTOS\u00b7NOVIEMBRE 2022-NOVIEMBRE 2023 Este a\u00f1o se celebra el Centenario de la muerte de Don Andr\u00e9s Manj\u00f3n, sacerdote y pedagogo espa\u00f1ol al que recordamos por ser el fundador de las Escuelas del Ave Mar\u00eda, dedicadas a proporcionar una instrucci\u00f3n elemental a los ni\u00f1os\u2026","rel":"","context":"Entrada similar","block_context":{"text":"Entrada similar","link":""},"img":{"alt_text":"","src":"https:\/\/i0.wp.com\/andresmanjon.es\/wp-content\/uploads\/2024\/01\/INVITACION-APERTURA-CENTENARIO-1024x460.jpg?resize=350%2C200&ssl=1","width":350,"height":200,"srcset":"https:\/\/i0.wp.com\/andresmanjon.es\/wp-content\/uploads\/2024\/01\/INVITACION-APERTURA-CENTENARIO-1024x460.jpg?resize=350%2C200&ssl=1 1x, https:\/\/i0.wp.com\/andresmanjon.es\/wp-content\/uploads\/2024\/01\/INVITACION-APERTURA-CENTENARIO-1024x460.jpg?resize=525%2C300&ssl=1 1.5x, https:\/\/i0.wp.com\/andresmanjon.es\/wp-content\/uploads\/2024\/01\/INVITACION-APERTURA-CENTENARIO-1024x460.jpg?resize=700%2C400&ssl=1 2x"},"classes":[]},{"id":916,"url":"https:\/\/andresmanjon.es\/index.php\/bibliografia-utilizada\/","url_meta":{"origin":716,"position":2},"title":"Bibliograf\u00eda utilizada","author":"Enrique Alonso Guardia","date":"02\/06\/2024","format":false,"excerpt":"BIBLIOGRAF\u00cdA:\u00a0 Schiller, F. (1793). Wallenstein. Buenos Aires: Instituci\u00f3n Cultural Argentino. Spencer, H. (1855). Principles of Psychology. Londres: Longman, Brown, Green and Longmans. Lazarus, M. (1883). \u00dcber die Reize des Spiels. Berlin: F. D\u00fcmmler. Groos, K. (1899). Die Spiele der Menschen. Jena, Alemania: G. Fischer. Hall, G. S. (1904). Adolescence: Its\u2026","rel":"","context":"Entrada similar","block_context":{"text":"Entrada similar","link":""},"img":{"alt_text":"","src":"https:\/\/i0.wp.com\/andresmanjon.es\/wp-content\/uploads\/2024\/02\/listos-para-volar-157x300-1.jpg?resize=350%2C200&ssl=1","width":350,"height":200},"classes":[]},{"id":1054,"url":"https:\/\/andresmanjon.es\/index.php\/escuelas-manjonianas-por-espana\/","url_meta":{"origin":716,"position":3},"title":"ESCUELAS MANJONIANAS POR ESPA\u00d1A","author":"Enrique Alonso Guardia","date":"02\/13\/2024","format":false,"excerpt":"ESCUELAS MANJONIANAS EN GRANADAFundaci\u00f3n Ave Mar\u00eda GranadaWebs Corporativa -\u00a0 Albolote - Amanecer - Casa Madre - Esparraguera - La Quinta - San Crist\u00f3bal - San Isidro - Varadero - Vistillas.Carrera Andr\u00e9s Manj\u00f3nAsociaci\u00f3n Juvenil AvemarianaCasa Museo - proximamenteArchivo documentaci\u00f3n\u00a0de la Fundaci\u00f3nAndr\u00e9s Manj\u00f3n beatoColegio Padre Manj\u00f3n GranadaObra Social Padre Manj\u00f3n\u00a0FUNDACI\u00d3N MANJ\u00d3N PALENCIA\u2026","rel":"","context":"Entrada similar","block_context":{"text":"Entrada similar","link":""},"img":{"alt_text":"","src":"","width":0,"height":0},"classes":[]},{"id":1461,"url":"https:\/\/andresmanjon.es\/index.php\/por-donde-empezar\/","url_meta":{"origin":716,"position":4},"title":"POR DONDE EMPEZAR","author":"Enrique Alonso Guardia","date":"09\/08\/2024","format":false,"excerpt":"En esta p\u00e1gina web se propone un enfoque educativo interactivo para descubrir la vida y legado de Don Andr\u00e9s Manj\u00f3n. Te ofrecemos un itinerario por donde empezar a conocer a D. Andr\u00e9s, un personaje central en la educaci\u00f3n espa\u00f1ola de principios del siglo XX.\u00a0A trav\u00e9s de un juego de imaginaci\u00f3n\u2026","rel":"","context":"Entrada similar","block_context":{"text":"Entrada similar","link":""},"img":{"alt_text":"","src":"https:\/\/i0.wp.com\/andresmanjon.es\/wp-content\/uploads\/2024\/09\/IMG_1879-e1725784375621-300x202.jpg?resize=350%2C200&ssl=1","width":350,"height":200},"classes":[]},{"id":344,"url":"https:\/\/andresmanjon.es\/index.php\/el-mundo-gitano-para-d-andres\/","url_meta":{"origin":716,"position":5},"title":"EL MUNDO GITANO PARA D. ANDR\u00c9S","author":"Enrique Alonso Guardia","date":"12\/31\/2023","format":false,"excerpt":"La visi\u00f3n sobre el mundo gitano para D. Andr\u00e9s es controvertida y ha sido objeto de cr\u00edticas en tiempos recientes. En sus publicaciones, Manj\u00f3n describi\u00f3 a los gitanos de manera negativa, utilizando t\u00e9rminos que hoy se considerar\u00edan racistas. En su obra \"El gitano et ultra. Hojas de educaci\u00f3n social et\u2026","rel":"","context":"Entrada similar","block_context":{"text":"Entrada similar","link":""},"img":{"alt_text":"","src":"https:\/\/i0.wp.com\/andresmanjon.es\/wp-content\/uploads\/2023\/12\/Cappi-Cortes.png?fit=1024%2C1024&ssl=1&resize=350%2C200","width":350,"height":200,"srcset":"https:\/\/i0.wp.com\/andresmanjon.es\/wp-content\/uploads\/2023\/12\/Cappi-Cortes.png?fit=1024%2C1024&ssl=1&resize=350%2C200 1x, https:\/\/i0.wp.com\/andresmanjon.es\/wp-content\/uploads\/2023\/12\/Cappi-Cortes.png?fit=1024%2C1024&ssl=1&resize=525%2C300 1.5x, https:\/\/i0.wp.com\/andresmanjon.es\/wp-content\/uploads\/2023\/12\/Cappi-Cortes.png?fit=1024%2C1024&ssl=1&resize=700%2C400 2x"},"classes":[]}],"jetpack_sharing_enabled":true,"_links":{"self":[{"href":"https:\/\/andresmanjon.es\/index.php\/wp-json\/wp\/v2\/pages\/716","targetHints":{"allow":["GET"]}}],"collection":[{"href":"https:\/\/andresmanjon.es\/index.php\/wp-json\/wp\/v2\/pages"}],"about":[{"href":"https:\/\/andresmanjon.es\/index.php\/wp-json\/wp\/v2\/types\/page"}],"author":[{"embeddable":true,"href":"https:\/\/andresmanjon.es\/index.php\/wp-json\/wp\/v2\/users\/2"}],"replies":[{"embeddable":true,"href":"https:\/\/andresmanjon.es\/index.php\/wp-json\/wp\/v2\/comments?post=716"}],"version-history":[{"count":5,"href":"https:\/\/andresmanjon.es\/index.php\/wp-json\/wp\/v2\/pages\/716\/revisions"}],"predecessor-version":[{"id":2018,"href":"https:\/\/andresmanjon.es\/index.php\/wp-json\/wp\/v2\/pages\/716\/revisions\/2018"}],"wp:featuredmedia":[{"embeddable":true,"href":"https:\/\/andresmanjon.es\/index.php\/wp-json\/wp\/v2\/media\/2015"}],"wp:attachment":[{"href":"https:\/\/andresmanjon.es\/index.php\/wp-json\/wp\/v2\/media?parent=716"}],"curies":[{"name":"wp","href":"https:\/\/api.w.org\/{rel}","templated":true}]}}